{"id":5,"date":"2016-02-10T08:59:44","date_gmt":"2016-02-10T08:59:44","guid":{"rendered":"http:\/\/bridge3.qodeinteractive.com\/?page_id=5"},"modified":"2025-04-15T11:40:42","modified_gmt":"2025-04-15T14:40:42","slug":"http-globalpacking-com-br","status":"publish","type":"page","link":"https:\/\/globalpacking.com.br\/","title":{"rendered":"Home"},"content":{"rendered":"\t\t<div data-elementor-type=\"wp-page\" data-elementor-id=\"5\" class=\"elementor elementor-5\" data-elementor-settings=\"[]\">\n\t\t\t\t\t\t\t<div class=\"elementor-section-wrap\">\n\t\t\t\t\t\t\t<section class=\"elementor-section elementor-top-section elementor-element elementor-element-787f323d elementor-section-boxed elementor-section-height-default elementor-section-height-default\" data-id=\"787f323d\" data-element_type=\"section\">\n\t\t\t\t\t\t<div class=\"elementor-container elementor-column-gap-default\">\n\t\t\t\t\t<div class=\"elementor-column elementor-col-100 elementor-top-column elementor-element elementor-element-1277e698\" data-id=\"1277e698\" data-element_type=\"column\">\n\t\t\t<div class=\"elementor-widget-wrap elementor-element-populated\">\n\t\t\t\t\t\t\t\t<div class=\"elementor-element elementor-element-1be9d508 elementor-widget elementor-widget-text-editor\" data-id=\"1be9d508\" data-element_type=\"widget\" data-widget_type=\"text-editor.default\">\n\t\t\t\t<div class=\"elementor-widget-container\">\n\t\t\t\t\t<div class=\"elementor-text-editor elementor-clearfix\"><p>[vc_row css_animation=&#8221;&#8221; row_type=&#8221;row&#8221; use_row_as_full_screen_section=&#8221;no&#8221; type=&#8221;grid&#8221; angled_section=&#8221;no&#8221; text_align=&#8221;left&#8221; background_image_as_pattern=&#8221;without_pattern&#8221; css=&#8221;.vc_custom_1455792249457{padding-top: 148px !important;padding-bottom: 94px !important;}&#8221;][vc_column offset=&#8221;vc_col-lg-4 vc_col-md-4&#8243; css=&#8221;.vc_custom_1568330958946{background-color: #a9c79f !important;}&#8221; el_class=&#8221;boxed&#8221;]<div class='q_icon_with_title tiny normal_icon '><div class=\"icon_holder \" style=\" \"><span data-icon-type=\"normal\"  data-icon-hover-color=\"#ffffff\" style=\"font-size: 60px;\" class=\"qode_iwt_icon_holder q_font_awsome_icon fa-lg  \"><i class=\"qode_icon_font_awesome fa fa-pencil qode_iwt_icon_element\" style=\"color: #ffffff;\" ><\/i><\/span><\/div><div class=\"icon_text_holder\" style=\"padding-left:92px;\"><div class=\"icon_text_inner\" style=\"\"><h3 class=\"icon_title\" style=\"color: #ffffff;font-weight: 700;\">OBRAS DE ARTE<\/h3>[vc_separator type=&#8221;small&#8221; position=&#8221;left&#8221; color=&#8221;#ffffff&#8221; thickness=&#8221;2&#8243; width=&#8221;20&#8243; up=&#8221;7&#8243; down=&#8221;21&#8243;]<p style='color: #ffffff'>A embalagem e o cuidado no transporte de obras de arte, s\u00e3o essenciais para garantir que essas pe\u00e7as chegar\u00e3o intactas ao seu destino. Contamos com materiais e t\u00e9cnicas&#8230;<\/p><a itemprop='url' class='icon_with_title_link' href='\/?page_id=120' target='_self' style='color: #ffffff;'>SAIBA MAIS<\/a><\/div><\/div><\/div>[vc_separator type=&#8221;transparent&#8221; thickness=&#8221;0&#8243; up=&#8221;27&#8243; down=&#8221;0&#8243;][\/vc_column][vc_column offset=&#8221;vc_col-lg-4 vc_col-md-4&#8243; css=&#8221;.vc_custom_1614185189342{background-color: #5a7364 !important;}&#8221; el_class=&#8221;boxed&#8221;]<div class='q_icon_with_title tiny normal_icon '><div class=\"icon_holder \" style=\" \"><span data-icon-type=\"normal\"  data-icon-hover-color=\"#ffffff\" style=\"font-size: 60px;\" class=\"qode_iwt_icon_holder q_font_awsome_icon fa-lg  \"><i class=\"qode_icon_font_awesome fa fa-retweet qode_iwt_icon_element\" style=\"color: #ffffff;\" ><\/i><\/span><\/div><div class=\"icon_text_holder\" style=\"padding-left:92px;\"><div class=\"icon_text_inner\" style=\"\"><h3 class=\"icon_title\" style=\"color: #ffffff;font-weight: 700;\">RELOCATION<\/h3>[vc_separator type=&#8221;small&#8221; position=&#8221;left&#8221; color=&#8221;#ffffff&#8221; thickness=&#8221;2&#8243; width=&#8221;20&#8243; up=&#8221;7&#8243; down=&#8221;21&#8243;]<p style='color: #ffffff'>Apesar de ser uma experi\u00eancia muito enriquecedora, mudar para um novo pa\u00eds demanda uma aten\u00e7\u00e3o especial para alguns itens que far\u00e3o toda a diferen\u00e7a&#8230;<\/p><a itemprop='url' class='icon_with_title_link' href='\/?page_id=120' target='_self' style='color: #ffffff;'>SAIBA MAIS<\/a><\/div><\/div><\/div>[vc_separator type=&#8221;transparent&#8221; thickness=&#8221;0&#8243; up=&#8221;27&#8243; down=&#8221;0&#8243;][\/vc_column][vc_column offset=&#8221;vc_col-lg-4 vc_col-md-4&#8243; css=&#8221;.vc_custom_1614185281672{background-color: #384e31 !important;}&#8221; el_class=&#8221;boxed&#8221;]<div class='q_icon_with_title tiny normal_icon '><div class=\"icon_holder \" style=\" \"><span data-icon-type=\"normal\"  data-icon-hover-color=\"#ffffff\" style=\"font-size: 60px;\" class=\"qode_iwt_icon_holder q_font_awsome_icon fa-lg  \"><i class=\"qode_icon_font_awesome fa fa-paw qode_iwt_icon_element\" style=\"color: #ffffff;\" ><\/i><\/span><\/div><div class=\"icon_text_holder\" style=\"padding-left:92px;\"><div class=\"icon_text_inner\" style=\"\"><h3 class=\"icon_title\" style=\"color: #ffffff;font-weight: 700;\">ANIMAIS DE ESTIMA\u00c7\u00c3O<\/h3>[vc_separator type=&#8221;small&#8221; position=&#8221;left&#8221; color=&#8221;#ffffff&#8221; thickness=&#8221;2&#8243; width=&#8221;20&#8243; up=&#8221;7&#8243; down=&#8221;21&#8243;]<p style='color: #ffffff'>O amor do brasileiro por seus animais de estima\u00e7\u00e3o fica evidenciado nos n\u00fameros. O Brasil \u00e9 o segundo pa\u00eds na lista de maiores mercados Pet do mundo&#8230;<\/p><a itemprop='url' class='icon_with_title_link' href='\/?page_id=120' target='_self' style='color: #ffffff;'>SAIBA MAIS<\/a><\/div><\/div><\/div>[vc_separator type=&#8221;transparent&#8221; thickness=&#8221;0&#8243; up=&#8221;27&#8243; down=&#8221;0&#8243;][\/vc_column][\/vc_row][vc_row css_animation=&#8221;&#8221; row_type=&#8221;row&#8221; use_row_as_full_screen_section=&#8221;no&#8221; type=&#8221;grid&#8221; angled_section=&#8221;no&#8221; text_align=&#8221;center&#8221; background_image_as_pattern=&#8221;without_pattern&#8221; background_color=&#8221;#f7f7f7&#8243; css=&#8221;.vc_custom_1568312649113{padding-top: 80px !important;}&#8221; z_index=&#8221;&#8221;][vc_column width=&#8221;1\/2&#8243; offset=&#8221;vc_col-lg-6 vc_col-md-6&#8243;][vc_separator type=&#8221;transparent&#8221; thickness=&#8221;0&#8243; up=&#8221;20&#8243; down=&#8221;0&#8243;][vc_column_text]<\/p><h2>QUEM SOMOS<\/h2><p>[\/vc_column_text][vc_separator type=&#8221;small&#8221; position=&#8221;center&#8221;][vc_column_text]<\/p><h4>Somos uma empresa com mais de 20 anos de experi\u00eancia no setor, que desde sua funda\u00e7\u00e3o em 2003, tem trabalhado para oferecer servi\u00e7os diferenciados, com foco no atendimento personalizado para cada um de nossos clientes.<\/h4><p>[\/vc_column_text][vc_separator type=&#8221;transparent&#8221; thickness=&#8221;0&#8243; up=&#8221;33&#8243; down=&#8221;0&#8243;][vc_column_text]Com o passar dos anos, adquirimos experi\u00eancias, firmamos parcerias e conquistamos a confian\u00e7a de diversos clientes, sobretudo corporativos, que nos acompanham ao longo de mais de uma d\u00e9cada de servi\u00e7os prestados com excel\u00eancia!<br \/>Investimos pesado na capacita\u00e7\u00e3o de nosso pessoal e na renova\u00e7\u00e3o de frota, al\u00e9m de constantemente aprimorarmos nossas t\u00e9cnicas de trabalho e materiais de embalagem&#8230;[\/vc_column_text][vc_separator type=&#8221;transparent&#8221; thickness=&#8221;0&#8243; up=&#8221;40&#8243; down=&#8221;0&#8243;]<a  itemprop=\"url\" href=\"\/?page_id=108\" target=\"_self\"  class=\"qbutton  medium default\" style=\"\">SAIBA MAIS<\/a>[vc_separator type=&#8221;transparent&#8221; thickness=&#8221;0&#8243; up=&#8221;70&#8243; down=&#8221;0&#8243;][\/vc_column][vc_column width=&#8221;1\/2&#8243; offset=&#8221;vc_col-lg-6 vc_col-md-6&#8243;][vc_gallery interval=&#8221;3&#8243; images=&#8221;928,926,924,922,920,918,962,960,958,956,954,952,950,948,946,944&#8243; img_size=&#8221;full&#8221;][vc_separator type=&#8221;transparent&#8221; thickness=&#8221;0&#8243; up=&#8221;70&#8243; down=&#8221;0&#8243;][\/vc_column][\/vc_row][vc_row css_animation=&#8221;&#8221; row_type=&#8221;row&#8221; use_row_as_full_screen_section=&#8221;no&#8221; type=&#8221;grid&#8221; angled_section=&#8221;no&#8221; text_align=&#8221;center&#8221; background_image_as_pattern=&#8221;without_pattern&#8221; background_color=&#8221;#f7f7f7&#8243; css=&#8221;.vc_custom_1568333686830{padding-top: 30px !important;padding-bottom: 38px !important;}&#8221; z_index=&#8221;&#8221;][vc_column width=&#8221;5\/6&#8243; offset=&#8221;vc_col-lg-offset-3 vc_col-lg-6 vc_col-md-offset-3 vc_col-md-6 vc_col-sm-offset-1&#8243;][vc_column_text]<\/p><h2>\u00daltimas Publica\u00e7\u00f5es<\/h2><p>[\/vc_column_text][vc_separator type=&#8221;small&#8221; position=&#8221;center&#8221;][\/vc_column][\/vc_row][vc_row css_animation=&#8221;&#8221; row_type=&#8221;row&#8221; use_row_as_full_screen_section=&#8221;no&#8221; type=&#8221;grid&#8221; angled_section=&#8221;no&#8221; text_align=&#8221;left&#8221; background_image_as_pattern=&#8221;without_pattern&#8221; css=&#8221;.vc_custom_1568312488418{padding-bottom: 80px !important;background-color: #f7f7f7 !important;}&#8221; z_index=&#8221;&#8221;][vc_column]<div class='latest_post_two_holder three_columns'><ul><li class=\"clearfix\"><div class=\"latest_post_two_image\"><a itemprop=\"url\" href=\"https:\/\/globalpacking.com.br\/?p=1735\"><img width=\"700\" height=\"428\" src=\"https:\/\/globalpacking.com.br\/wp-content\/uploads\/2022\/06\/etias-700x428.jpg\" class=\"attachment-portfolio_masonry_with_space size-portfolio_masonry_with_space wp-post-image\" alt=\"\" srcset=\"https:\/\/globalpacking.com.br\/wp-content\/uploads\/2022\/06\/etias-700x428.jpg 700w, https:\/\/globalpacking.com.br\/wp-content\/uploads\/2022\/06\/etias-300x183.jpg 300w, https:\/\/globalpacking.com.br\/wp-content\/uploads\/2022\/06\/etias-768x469.jpg 768w, https:\/\/globalpacking.com.br\/wp-content\/uploads\/2022\/06\/etias.jpg 800w\" sizes=\"(max-width: 700px) 100vw, 700px\" \/><\/a><\/div><div class=\"latest_post_two_inner\" ><div class=\"latest_post_two_text\"><h5 itemprop=\"name\" class=\"latest_post_two_title entry_title\"><a itemprop=\"url\" href=\"https:\/\/globalpacking.com.br\/?p=1735\" >Brasileiros precisar\u00e3o de autoriza\u00e7\u00e3o para entrar na Europa<\/a><\/h5><div class=\"separator small left \" ><\/div><p itemprop=\"description\" class=\"latest_post_two_excerpt\" >Se voc\u00ea est\u00e1 planejando uma viagem para a Europa, a informa\u00e7\u00e3o abaixo \u00e9 muito importante para voc\u00ea! A partir de maio de 2023, cidad\u00e3os de pa\u00edses que atualmente n\u00e3o precisam<\/p><\/div><div class=\"latest_post_two_info\" style='border-color: #e0e0e0;'><div class=\"latest_post_two_info_inner\" style='color: #303030;'><div class=\"post_info_author\"><img alt='Author Image' src='https:\/\/secure.gravatar.com\/avatar\/83d7cd67c9e28b8dc1ed786429759635?s=30&#038;d=mm&#038;r=g' srcset='https:\/\/secure.gravatar.com\/avatar\/83d7cd67c9e28b8dc1ed786429759635?s=60&#038;d=mm&#038;r=g 2x' class='avatar avatar-30 photo' height='30' width='30' \/><span class=\"post_info_author_name\">Global Packing<\/span><\/div><div itemprop=\"dateCreated\" class=\"post_info_date entry_date updated\">07 junho, 2022<meta itemprop=\"interactionCount\" content=\"UserComments: <?php echo get_comments_number(qode_get_page_id()); ?>&#8220;\/><\/div><\/div><\/div><\/div><\/li><li class=\"clearfix\"><div class=\"latest_post_two_image\"><a itemprop=\"url\" href=\"https:\/\/globalpacking.com.br\/?p=1710\"><img width=\"700\" height=\"379\" src=\"https:\/\/globalpacking.com.br\/wp-content\/uploads\/2021\/11\/dia-da-amizade-argentino-brasileira-vamos-celebrar-a-boa-vizinhanca-700x379.jpg\" class=\"attachment-portfolio_masonry_with_space size-portfolio_masonry_with_space wp-post-image\" alt=\"Dia da Amizade Argentino-Brasileira: Vamos celebrar a boa vizinhan\u00e7a\" srcset=\"https:\/\/globalpacking.com.br\/wp-content\/uploads\/2021\/11\/dia-da-amizade-argentino-brasileira-vamos-celebrar-a-boa-vizinhanca-700x379.jpg 700w, https:\/\/globalpacking.com.br\/wp-content\/uploads\/2021\/11\/dia-da-amizade-argentino-brasileira-vamos-celebrar-a-boa-vizinhanca-300x163.jpg 300w, https:\/\/globalpacking.com.br\/wp-content\/uploads\/2021\/11\/dia-da-amizade-argentino-brasileira-vamos-celebrar-a-boa-vizinhanca-1024x555.jpg 1024w, https:\/\/globalpacking.com.br\/wp-content\/uploads\/2021\/11\/dia-da-amizade-argentino-brasileira-vamos-celebrar-a-boa-vizinhanca-768x416.jpg 768w, https:\/\/globalpacking.com.br\/wp-content\/uploads\/2021\/11\/dia-da-amizade-argentino-brasileira-vamos-celebrar-a-boa-vizinhanca.jpg 1200w\" sizes=\"(max-width: 700px) 100vw, 700px\" \/><\/a><\/div><div class=\"latest_post_two_inner\" ><div class=\"latest_post_two_text\"><h5 itemprop=\"name\" class=\"latest_post_two_title entry_title\"><a itemprop=\"url\" href=\"https:\/\/globalpacking.com.br\/?p=1710\" >Dia da Amizade Argentino-Brasileira: Vamos celebrar a boa vizinhan\u00e7a<\/a><\/h5><div class=\"separator small left \" ><\/div><p itemprop=\"description\" class=\"latest_post_two_excerpt\" >Apesar da m\u00eddia fomentar bastante a rivalidade Brasil-Argentina temos certeza de que a \u201crixa\u201d fica somente no \u00e2mbito do futebol. Para n\u00e3o criar \u201ccaso\u201d, em rodas entre amigo<\/p><\/div><div class=\"latest_post_two_info\" style='border-color: #e0e0e0;'><div class=\"latest_post_two_info_inner\" style='color: #303030;'><div class=\"post_info_author\"><img alt='Author Image' src='https:\/\/secure.gravatar.com\/avatar\/83d7cd67c9e28b8dc1ed786429759635?s=30&#038;d=mm&#038;r=g' srcset='https:\/\/secure.gravatar.com\/avatar\/83d7cd67c9e28b8dc1ed786429759635?s=60&#038;d=mm&#038;r=g 2x' class='avatar avatar-30 photo' height='30' width='30' \/><span class=\"post_info_author_name\">Global Packing<\/span><\/div><div itemprop=\"dateCreated\" class=\"post_info_date entry_date updated\">30 novembro, 2021<meta itemprop=\"interactionCount\" content=\"UserComments: <?php echo get_comments_number(qode_get_page_id()); ?>&#8220;\/><\/div><\/div><\/div><\/div><\/li><li class=\"clearfix\"><div class=\"latest_post_two_image\"><a itemprop=\"url\" href=\"https:\/\/globalpacking.com.br\/?p=1704\"><img width=\"700\" height=\"379\" src=\"https:\/\/globalpacking.com.br\/wp-content\/uploads\/2021\/11\/nao-e-so-mais-um-feriado-700x379.jpg\" class=\"attachment-portfolio_masonry_with_space size-portfolio_masonry_with_space wp-post-image\" alt=\"n\u00e3o \u00e9 s\u00f3 \u201cmais um feriado\u201d!\" srcset=\"https:\/\/globalpacking.com.br\/wp-content\/uploads\/2021\/11\/nao-e-so-mais-um-feriado-700x379.jpg 700w, https:\/\/globalpacking.com.br\/wp-content\/uploads\/2021\/11\/nao-e-so-mais-um-feriado-300x163.jpg 300w, https:\/\/globalpacking.com.br\/wp-content\/uploads\/2021\/11\/nao-e-so-mais-um-feriado-1024x555.jpg 1024w, https:\/\/globalpacking.com.br\/wp-content\/uploads\/2021\/11\/nao-e-so-mais-um-feriado-768x416.jpg 768w, https:\/\/globalpacking.com.br\/wp-content\/uploads\/2021\/11\/nao-e-so-mais-um-feriado.jpg 1200w\" sizes=\"(max-width: 700px) 100vw, 700px\" \/><\/a><\/div><div class=\"latest_post_two_inner\" ><div class=\"latest_post_two_text\"><h5 itemprop=\"name\" class=\"latest_post_two_title entry_title\"><a itemprop=\"url\" href=\"https:\/\/globalpacking.com.br\/?p=1704\" >N\u00e3o \u00e9 s\u00f3 \u201cmais um feriado\u201d!<\/a><\/h5><div class=\"separator small left \" ><\/div><p itemprop=\"description\" class=\"latest_post_two_excerpt\" >O dia Nacional da Consci\u00eancia Negra foi institu\u00eddo no Brasil atrav\u00e9s da Lei n\u00ba 10.639, que inclui o tema \u201cHist\u00f3ria e Cultura Afro-Brasileira\u201d como componente curricular obr<\/p><\/div><div class=\"latest_post_two_info\" style='border-color: #e0e0e0;'><div class=\"latest_post_two_info_inner\" style='color: #303030;'><div class=\"post_info_author\"><img alt='Author Image' src='https:\/\/secure.gravatar.com\/avatar\/83d7cd67c9e28b8dc1ed786429759635?s=30&#038;d=mm&#038;r=g' srcset='https:\/\/secure.gravatar.com\/avatar\/83d7cd67c9e28b8dc1ed786429759635?s=60&#038;d=mm&#038;r=g 2x' class='avatar avatar-30 photo' height='30' width='30' \/><span class=\"post_info_author_name\">Global Packing<\/span><\/div><div itemprop=\"dateCreated\" class=\"post_info_date entry_date updated\">19 novembro, 2021<meta itemprop=\"interactionCount\" content=\"UserComments: <?php echo get_comments_number(qode_get_page_id()); ?>&#8220;\/><\/div><\/div><\/div><\/div><\/li><\/ul><\/div>[\/vc_column][\/vc_row][vc_row css_animation=&#8221;&#8221; row_type=&#8221;row&#8221; use_row_as_full_screen_section=&#8221;no&#8221; type=&#8221;grid&#8221; angled_section=&#8221;no&#8221; text_align=&#8221;center&#8221; background_image_as_pattern=&#8221;without_pattern&#8221; css=&#8221;.vc_custom_1568330779256{padding-top: 50px !important;padding-bottom: 60px !important;}&#8221; z_index=&#8221;&#8221; background_color=&#8221;#a9c79f&#8221;][vc_column][vc_separator type=&#8221;transparent&#8221; thickness=&#8221;0&#8243; up=&#8221;20&#8243; down=&#8221;0&#8243;][vc_column_text]<\/p><h2 style=\"text-align: center; color: #fff;\">Principais Clientes<\/h2><p>[\/vc_column_text][vc_separator type=&#8221;small&#8221; position=&#8221;center&#8221; color=&#8221;#ffffff&#8221;]<div class='qode_carousels_holder clearfix'><div class='qode_carousels' data-number-of-visible-items='5'><ul class='slides'><li class='item'><div class=\"carousel_item_holder\"><a itemprop='url' href='#' target='_self'><span class='first_image_holder '><img itemprop=\"image\" src=\"http:\/\/globalpacking.com.br\/wp-content\/uploads\/2019\/09\/logo-usiminas-padrao-1.png\" alt=\"carousel image\" \/><\/span><\/a><\/div><\/li><li class='item'><div class=\"carousel_item_holder\"><a itemprop='url' href='#' target='_self'><span class='first_image_holder '><img itemprop=\"image\" src=\"http:\/\/globalpacking.com.br\/wp-content\/uploads\/2019\/09\/logo-avon-padrao-1.png\" alt=\"carousel image\" \/><\/span><\/a><\/div><\/li><li class='item'><div class=\"carousel_item_holder\"><a itemprop='url' href='#' target='_self'><span class='first_image_holder '><img itemprop=\"image\" src=\"http:\/\/globalpacking.com.br\/wp-content\/uploads\/2019\/09\/logo-globo-padrao-1.png\" alt=\"carousel image\" \/><\/span><\/a><\/div><\/li><li class='item'><div class=\"carousel_item_holder\"><a itemprop='url' href='#' target='_self'><span class='first_image_holder '><img itemprop=\"image\" src=\"http:\/\/globalpacking.com.br\/wp-content\/uploads\/2019\/09\/logo-naturgy-padrao-1.png\" alt=\"carousel image\" \/><\/span><\/a><\/div><\/li><li class='item'><div class=\"carousel_item_holder\"><a itemprop='url' href='#' target='_self'><span class='first_image_holder '><img itemprop=\"image\" src=\"http:\/\/globalpacking.com.br\/wp-content\/uploads\/2019\/09\/logo-petrobras-padrap.png\" alt=\"carousel image\" \/><\/span><\/a><\/div><\/li><li class='item'><div class=\"carousel_item_holder\"><a itemprop='url' href='#' target='_self'><span class='first_image_holder '><img itemprop=\"image\" src=\"http:\/\/globalpacking.com.br\/wp-content\/uploads\/2019\/09\/logo-sbm-offshore-padrao.png\" alt=\"carousel image\" \/><\/span><\/a><\/div><\/li><li class='item'><div class=\"carousel_item_holder\"><a itemprop='url' href='#' target='_self'><span class='first_image_holder '><img itemprop=\"image\" src=\"http:\/\/globalpacking.com.br\/wp-content\/uploads\/2019\/09\/logo-schlumberger-padrao-1.png\" alt=\"carousel image\" \/><\/span><\/a><\/div><\/li><li class='item'><div class=\"carousel_item_holder\"><a itemprop='url' href='#' target='_self'><span class='first_image_holder '><img itemprop=\"image\" src=\"http:\/\/globalpacking.com.br\/wp-content\/uploads\/2019\/09\/logo-weatherford-padrao.png\" alt=\"carousel image\" \/><\/span><\/a><\/div><\/li><\/ul><\/div><\/div>[vc_separator type=&#8221;transparent&#8221; thickness=&#8221;0&#8243; up=&#8221;70&#8243; down=&#8221;0&#8243;][\/vc_column][\/vc_row][vc_row css_animation=&#8221;&#8221; row_type=&#8221;row&#8221; use_row_as_full_screen_section=&#8221;no&#8221; type=&#8221;grid&#8221; angled_section=&#8221;no&#8221; text_align=&#8221;center&#8221; background_image_as_pattern=&#8221;without_pattern&#8221; css=&#8221;.vc_custom_1568312535352{padding-top: 80px !important;padding-bottom: 60px !important;}&#8221; z_index=&#8221;&#8221;][vc_column width=&#8221;5\/6&#8243; offset=&#8221;vc_col-lg-offset-2 vc_col-lg-8 vc_col-md-offset-1 vc_col-md-10 vc_col-sm-offset-1&#8243;][vc_column_text]<\/p><h2>O que os clientes falam sobre n\u00f3s<\/h2><p>[\/vc_column_text][vc_separator type=&#8221;small&#8221; position=&#8221;center&#8221;]<div class='testimonials_holder clearfix dark'><div class=\"testimonials testimonials_carousel\" data-show-navigation=\"yes\" data-animation-type=\"fade\" data-animation-speed=\"\" data-auto-rotate-slides=\"5\" data-number-per-slide=\"1\"><ul class=\"slides\"><li id=\"testimonials747\" class=\"testimonial_content\"><div class=\"testimonial_content_inner\"><div class=\"testimonial_text_holder\"><div class=\"testimonial_text_inner\" style=\"\"><p>Aproveito para destacar o excelente servi\u00e7o prestado pela Global Packing, aqui no Brasil.\r\nDo in\u00edcio ao fim de todo o processo, eles agiram com extremo profissionalismo, corre\u00e7\u00e3o, presteza e bondade!\r\nSem d\u00favida, um excelente parceiro para voc\u00ea aqui.<\/p><p class=\"testimonial_author\" style=\"\">Derly C.<\/p><\/div><\/div><\/div><\/li><li id=\"testimonials746\" class=\"testimonial_content\"><div class=\"testimonial_content_inner\"><div class=\"testimonial_text_holder\"><div class=\"testimonial_text_inner\" style=\"\"><p>A equipe trabalhou muito bem, chegaram no hor\u00e1rio e fizeram todo servi\u00e7o de entrega de maneira muito eficiente.\r\nObrigado por todo suporte e colabora\u00e7\u00e3o da Global Packing.<\/p><p class=\"testimonial_author\" style=\"\">Gerardo F.<\/p><\/div><\/div><\/div><\/li><li id=\"testimonials745\" class=\"testimonial_content\"><div class=\"testimonial_content_inner\"><div class=\"testimonial_text_holder\"><div class=\"testimonial_text_inner\" style=\"\"><p>S\u00f3 para que voc\u00ea saiba a embalagem correu muito bem na semana passada. \r\nA equipe da Global Packing foi simplesmente \u00f3tima, paciente, atenta aos detalhes e tamb\u00e9m r\u00e1pida para embalar, conforme necess\u00e1rio.\r\nMeu marido e eu ficamos muito felizes de t\u00ea-los nos ajudando!\r\n \r\nMuito obrigado por todo o apoio.\r\nSauda\u00e7\u00f5es<\/p><p class=\"testimonial_author\" style=\"\"> Cintia N.<\/p><\/div><\/div><\/div><\/li><li id=\"testimonials743\" class=\"testimonial_content\"><div class=\"testimonial_content_inner\"><div class=\"testimonial_text_holder\"><div class=\"testimonial_text_inner\" style=\"\"><p>Minha experi\u00eancia com a Global Packing foi muito boa. N\u00e3o tem o que reclamar.  Gostaria de agradecer a solicitude e prontid\u00e3o que sempre voc\u00eas demonstraram.\r\nCordialmente,<\/p><p class=\"testimonial_author\" style=\"\"> Thiago L.<\/p><\/div><\/div><\/div><\/li><li id=\"testimonials742\" class=\"testimonial_content\"><div class=\"testimonial_content_inner\"><div class=\"testimonial_text_holder\"><div class=\"testimonial_text_inner\" style=\"\"><p>Meu feedback \u00e9 muito positivo, acho que a comunica\u00e7\u00e3o via whatsapp facilitou bastante o esclarecimento de d\u00favidas e tamb\u00e9m para o recebimento de informa\u00e7\u00f5es.\r\nAgrade\u00e7o o contato e pela \u00f3tima assessoria antes e durante a mudan\u00e7a.<\/p><p class=\"testimonial_author\" style=\"\"> Christofer B.<\/p><\/div><\/div><\/div><\/li><li id=\"testimonials17\" class=\"testimonial_content\"><div class=\"testimonial_content_inner\"><div class=\"testimonial_text_holder\"><div class=\"testimonial_text_inner\" style=\"\"><p>A experi\u00eancia com a Global Packing foi fant\u00e1stica! A comunica\u00e7\u00e3o clara e pontual.\r\nA entrega foi feita por uma equipe muito simp\u00e1tica e cuidadosa, e os bens chegaram em excelente estado de conserva\u00e7\u00e3o.\r\nMuito Obrigado por tudo uma vez mais!<\/p><p class=\"testimonial_author\" style=\"\"> Diego T. <\/p><\/div><\/div><\/div><\/li><li id=\"testimonials16\" class=\"testimonial_content\"><div class=\"testimonial_content_inner\"><div class=\"testimonial_text_holder\"><div class=\"testimonial_text_inner\" style=\"\"><p>Fomos muito felizes em escolher a Global Packing.\r\nA pontualidade, organiza\u00e7\u00e3o, pre\u00e7o e [o fato de] estarem sempre dispon\u00edveis para esclarecimentos\r\ns\u00e3o os pontos que gostaria de destacar como excelente, nota 10.\r\nSe precisar de uma nova mudan\u00e7a ou indicar a algum amigo, com certeza irei indicar\r\na Global Packing.<\/p><p class=\"testimonial_author\" style=\"\">Jos\u00e9 Claudio S.<\/p><\/div><\/div><\/div><\/li><li id=\"testimonials15\" class=\"testimonial_content\"><div class=\"testimonial_content_inner\"><div class=\"testimonial_text_holder\"><div class=\"testimonial_text_inner\" style=\"\"><p>Foi tudo muito bem coordenado e organizado. \r\nEu agrade\u00e7o todo o retorno dado, muitas vezes fora do horario de trabalho e todo o esfor\u00e7o para conseguir coordenar hor\u00e1rios, espa\u00e7o, etc. \r\nMuito obrigada!<\/p><p class=\"testimonial_author\" style=\"\"> Caroline C.<\/p><\/div><\/div><\/div><\/li><\/ul><\/div><\/div>[\/vc_column][\/vc_row][vc_row css_animation=&#8221;&#8221; row_type=&#8221;row&#8221; use_row_as_full_screen_section=&#8221;no&#8221; type=&#8221;full_width&#8221; angled_section=&#8221;no&#8221; text_align=&#8221;center&#8221; background_image_as_pattern=&#8221;without_pattern&#8221; css=&#8221;.vc_custom_1568418008021{background-color: #7c9175 !important;}&#8221; z_index=&#8221;&#8221; padding_top=&#8221;40&#8243; padding_bottom=&#8221;25&#8243;][vc_column width=&#8221;2\/12&#8243;][\/vc_column][vc_column width=&#8221;8\/12&#8243;][vc_row_inner row_type=&#8221;row&#8221; type=&#8221;full_width&#8221; text_align=&#8221;center&#8221; css_animation=&#8221;&#8221;][vc_column_inner width=&#8221;1\/3&#8243;][vc_single_image image=&#8221;581&#8243; img_size=&#8221;medium&#8221; alignment=&#8221;center&#8221; qode_css_animation=&#8221;&#8221;][\/vc_column_inner][vc_column_inner width=&#8221;1\/3&#8243;][vc_single_image image=&#8221;582&#8243; img_size=&#8221;medium&#8221; alignment=&#8221;center&#8221; qode_css_animation=&#8221;&#8221;][\/vc_column_inner][vc_column_inner width=&#8221;1\/3&#8243;][vc_single_image image=&#8221;727&#8243; img_size=&#8221;medium&#8221; alignment=&#8221;center&#8221; qode_css_animation=&#8221;&#8221;][\/vc_column_inner][\/vc_row_inner][\/vc_column][vc_column width=&#8221;2\/12&#8243;][\/vc_column][\/vc_row][vc_row row_type=&#8221;parallax&#8221; parallax_content_width=&#8221;in_grid&#8221; text_align=&#8221;left&#8221; full_screen_section_height=&#8221;no&#8221; background_image=&#8221;474&#8243; section_height=&#8221;250&#8243;][vc_column][vc_separator type=&#8221;transparent&#8221; thickness=&#8221;0&#8243; up=&#8221;50&#8243; down=&#8221;0&#8243;][vc_row_inner row_type=&#8221;row&#8221; type=&#8221;full_width&#8221; text_align=&#8221;left&#8221; css_animation=&#8221;&#8221;][vc_column_inner width=&#8221;1\/2&#8243; offset=&#8221;vc_col-lg-3 vc_col-md-3 vc_col-xs-12&#8243;]<div class=\"q_counter_holder  left\" style=\"\"><span class=\"counter  zero\" style=\"font-weight: Default;\">1453<\/span><p class=\"counter_text\" style=\"font-weight: Default;\">Exporta\u00e7\u00f5es realizadas<\/p><\/div>[\/vc_column_inner][vc_column_inner width=&#8221;1\/2&#8243; offset=&#8221;vc_col-lg-3 vc_col-md-3 vc_col-xs-12&#8243;]<div class=\"q_counter_holder  left\" style=\"\"><span class=\"counter  zero\" style=\"font-weight: Default;\">1633<\/span><p class=\"counter_text\" style=\"font-weight: Default;\">Importa\u00e7\u00f5es realizadas<\/p><\/div>[\/vc_column_inner][vc_column_inner width=&#8221;1\/2&#8243; offset=&#8221;vc_col-lg-3 vc_col-md-3 vc_col-xs-12&#8243;]<div class=\"q_counter_holder  left\" style=\"\"><span class=\"counter  zero\" style=\"font-weight: Default;\">44949<\/span><p class=\"counter_text\" style=\"font-weight: Default;\">Volume transportado (M\u00b3)<\/p><\/div>[\/vc_column_inner][vc_column_inner width=&#8221;1\/2&#8243; offset=&#8221;vc_col-lg-3 vc_col-md-3 vc_col-xs-12&#8243;]<div class=\"q_counter_holder  left\" style=\"\"><span class=\"counter  zero\" style=\"font-weight: Default;\">1797525<\/span><p class=\"counter_text\" style=\"font-weight: Default;\">Tonelagem transportada (Kg)<\/p><\/div>[\/vc_column_inner][\/vc_row_inner][\/vc_column][\/vc_row]<\/p><\/div>\n\t\t\t\t<\/div>\n\t\t\t\t<\/div>\n\t\t\t\t\t<\/div>\n\t\t<\/div>\n\t\t\t\t\t\t\t<\/div>\n\t\t<\/section>\n\t\t\t\t\t\t<\/div>\n\t\t\t\t\t<\/div>\n\t\t","protected":false},"excerpt":{"rendered":"<p>[vc_row css_animation=&#8221;&#8221; row_type=&#8221;row&#8221; use_row_as_full_screen_section=&#8221;no&#8221; type=&#8221;grid&#8221; angled_section=&#8221;no&#8221; text_align=&#8221;left&#8221; background_image_as_pattern=&#8221;without_pattern&#8221; css=&#8221;.vc_custom_1455792249457{padding-top: 148px !important;padding-bottom: 94px !important;}&#8221;][vc_column offset=&#8221;vc_col-lg-4 vc_col-md-4&#8243; css=&#8221;.vc_custom_1568330958946{background-color: #a9c79f !important;}&#8221; el_class=&#8221;boxed&#8221;][vc_separator type=&#8221;transparent&#8221; thickness=&#8221;0&#8243; up=&#8221;27&#8243; down=&#8221;0&#8243;][\/vc_column][vc_column offset=&#8221;vc_col-lg-4 vc_col-md-4&#8243; css=&#8221;.vc_custom_1614185189342{background-color: #5a7364 !important;}&#8221; el_class=&#8221;boxed&#8221;][vc_separator type=&#8221;transparent&#8221; thickness=&#8221;0&#8243; up=&#8221;27&#8243; down=&#8221;0&#8243;][\/vc_column][vc_column offset=&#8221;vc_col-lg-4 vc_col-md-4&#8243; css=&#8221;.vc_custom_1614185281672{background-color: #384e31 !important;}&#8221; el_class=&#8221;boxed&#8221;][vc_separator type=&#8221;transparent&#8221; thickness=&#8221;0&#8243; up=&#8221;27&#8243; down=&#8221;0&#8243;][\/vc_column][\/vc_row][vc_row css_animation=&#8221;&#8221; row_type=&#8221;row&#8221;&#8230;<\/p>\n","protected":false},"author":7,"featured_media":0,"parent":0,"menu_order":0,"comment_status":"closed","ping_status":"closed","template":"","meta":[],"_links":{"self":[{"href":"https:\/\/globalpacking.com.br\/index.php?rest_route=\/wp\/v2\/pages\/5"}],"collection":[{"href":"https:\/\/globalpacking.com.br\/index.php?rest_route=\/wp\/v2\/pages"}],"about":[{"href":"https:\/\/globalpacking.com.br\/index.php?rest_route=\/wp\/v2\/types\/page"}],"author":[{"embeddable":true,"href":"https:\/\/globalpacking.com.br\/index.php?rest_route=\/wp\/v2\/users\/7"}],"replies":[{"embeddable":true,"href":"https:\/\/globalpacking.com.br\/index.php?rest_route=%2Fwp%2Fv2%2Fcomments&post=5"}],"version-history":[{"count":76,"href":"https:\/\/globalpacking.com.br\/index.php?rest_route=\/wp\/v2\/pages\/5\/revisions"}],"predecessor-version":[{"id":1753,"href":"https:\/\/globalpacking.com.br\/index.php?rest_route=\/wp\/v2\/pages\/5\/revisions\/1753"}],"wp:attachment":[{"href":"https:\/\/globalpacking.com.br\/index.php?rest_route=%2Fwp%2Fv2%2Fmedia&parent=5"}],"curies":[{"name":"wp","href":"https:\/\/api.w.org\/{rel}","templated":true}]}}